{"id":93,"date":"2021-03-05T14:50:27","date_gmt":"2021-03-05T14:50:27","guid":{"rendered":"https:\/\/portucalea.pt\/site\/?page_id=93"},"modified":"2021-03-08T14:49:35","modified_gmt":"2021-03-08T14:49:35","slug":"associado","status":"publish","type":"page","link":"https:\/\/portucalea.pt\/site\/associado\/","title":{"rendered":"Associado"},"content":{"rendered":"\n<h3 class=\"wp-block-heading\">Servi\u00e7os gratuitos aos associados<\/h3>\n\n\n\n<ul class=\"wp-block-list\"><li>1\u00aa Visita ao Campo<\/li><\/ul>\n\n\n\n<ul class=\"wp-block-list\"><li>Apoio T\u00e9cnico<\/li><\/ul>\n\n\n\n<ul class=\"wp-block-list\"><li>Consultoria Florestal<\/li><\/ul>\n\n\n\n<ul class=\"wp-block-list\"><li>Representa\u00e7\u00e3o dos associados junto das v\u00e1rias entidades<\/li><\/ul>\n\n\n\n<ul class=\"wp-block-list\"><li>Estabelecimento de contactos com empreiteiros\/fornecedores florestais<\/li><\/ul>\n\n\n\n<ul class=\"wp-block-list\"><li>Correspond\u00eancia da \u00e1rea florestal<\/li><\/ul>\n\n\n\n<ul class=\"wp-block-list\"><li>Cursos de forma\u00e7\u00e3o profissional na \u00e1rea silv\u00edcola<\/li><\/ul>\n\n\n\n<h3 class=\"wp-block-heading\">Servi\u00e7os n\u00e3o gratuitos aos associados<\/h3>\n\n\n\n<ul class=\"wp-block-list\"><li>Elabora\u00e7\u00e3o e acompanhamento de projetos florestais<\/li><\/ul>\n\n\n\n<ul class=\"wp-block-list\"><li>Avalia\u00e7\u00e3o de material lenhoso<\/li><\/ul>\n\n\n\n<ul class=\"wp-block-list\"><li>Planos de gest\u00e3o florestal<\/li><\/ul>\n\n\n\n<ul class=\"wp-block-list\"><li>Levantamento de \u00e1reas florestais com GPS<\/li><\/ul>\n\n\n\n<ul class=\"wp-block-list\"><li>Cartografia digital<\/li><\/ul>\n\n\n\n<div class=\"wp-block-columns is-layout-flex wp-container-core-columns-is-layout-9d6595d7 wp-block-columns-is-layout-flex\">\n<div class=\"wp-block-column is-layout-flow wp-block-column-is-layout-flow\" style=\"flex-basis:100%\">\n<p>Valor da J\u00f3ia: 15 euros<\/p>\n\n\n\n<p>Valor anual da quota (de acordo com a \u00e1rea):<\/p>\n\n\n\n<div class=\"wp-block-group\"><div class=\"wp-block-group__inner-container is-layout-flow wp-block-group-is-layout-flow\">\n<div class=\"wp-block-columns is-layout-flex wp-container-core-columns-is-layout-9d6595d7 wp-block-columns-is-layout-flex\">\n<div class=\"wp-block-column is-layout-flow wp-block-column-is-layout-flow\" style=\"flex-basis:100%\">\n<figure class=\"wp-block-table aligncenter is-style-stripes\"><table><tbody><tr><td>Tipos<\/td><td class=\"has-text-align-right\" data-align=\"right\">Quotas<\/td><\/tr><tr><td>Propriet\u00e1rio com [0 a 5] ha<\/td><td class=\"has-text-align-right\" data-align=\"right\">10,00 \u20ac<\/td><\/tr><tr><td>Propriet\u00e1rio com [5 a 10] ha<\/td><td class=\"has-text-align-right\" data-align=\"right\">20,00 \u20ac<\/td><\/tr><tr><td>Propriet\u00e1rio com [10 a 20] ha<\/td><td class=\"has-text-align-right\" data-align=\"right\">30,00 \u20ac<\/td><\/tr><tr><td>Propriet\u00e1rio com mais de 20 ha<\/td><td class=\"has-text-align-right\" data-align=\"right\">50,00 \u20ac<\/td><\/tr><tr><td>Empresas e Institui\u00e7\u00f5es<\/td><td class=\"has-text-align-right\" data-align=\"right\">100,00 \u20ac<\/td><\/tr><\/tbody><\/table><figcaption>\u00daltima atualiza\u00e7\u00e3o em mar\u00e7o de 2021<\/figcaption><\/figure>\n<\/div>\n<\/div>\n<\/div><\/div>\n<\/div>\n<\/div>\n\n\n\n<p><a href=\"https:\/\/portucalea.pt\/site\/wp-content\/uploads\/2021\/03\/proposta.pdf\" target=\"_blank\" rel=\"noreferrer noopener\">Download proposta de ades\u00e3o<\/a><\/p>\n","protected":false},"excerpt":{"rendered":"<p>Servi\u00e7os gratuitos aos associados 1\u00aa Visita ao Campo Apoio T\u00e9cnico Consultoria Florestal Representa\u00e7\u00e3o dos associados junto das v\u00e1rias entidades Estabelecimento de contactos com empreiteiros\/fornecedores florestais Correspond\u00eancia da \u00e1rea florestal Cursos de forma\u00e7\u00e3o profissional na \u00e1rea silv\u00edcola Servi\u00e7os n\u00e3o gratuitos aos associados Elabora\u00e7\u00e3o e acompanhamento de projetos florestais Avalia\u00e7\u00e3o de material&#8230;<\/p>\n<p> <a class=\"continue-reading-link\" href=\"https:\/\/portucalea.pt\/site\/associado\/\"><span>Continue reading<\/span><i class=\"crycon-right-dir\"><\/i><\/a> <\/p>\n","protected":false},"author":1,"featured_media":0,"parent":0,"menu_order":0,"comment_status":"closed","ping_status":"closed","template":"","meta":{"footnotes":""},"class_list":["post-93","page","type-page","status-publish","hentry"],"_links":{"self":[{"href":"https:\/\/portucalea.pt\/site\/wp-json\/wp\/v2\/pages\/93","targetHints":{"allow":["GET"]}}],"collection":[{"href":"https:\/\/portucalea.pt\/site\/wp-json\/wp\/v2\/pages"}],"about":[{"href":"https:\/\/portucalea.pt\/site\/wp-json\/wp\/v2\/types\/page"}],"author":[{"embeddable":true,"href":"https:\/\/portucalea.pt\/site\/wp-json\/wp\/v2\/users\/1"}],"replies":[{"embeddable":true,"href":"https:\/\/portucalea.pt\/site\/wp-json\/wp\/v2\/comments?post=93"}],"version-history":[{"count":7,"href":"https:\/\/portucalea.pt\/site\/wp-json\/wp\/v2\/pages\/93\/revisions"}],"predecessor-version":[{"id":126,"href":"https:\/\/portucalea.pt\/site\/wp-json\/wp\/v2\/pages\/93\/revisions\/126"}],"wp:attachment":[{"href":"https:\/\/portucalea.pt\/site\/wp-json\/wp\/v2\/media?parent=93"}],"curies":[{"name":"wp","href":"https:\/\/api.w.org\/{rel}","templated":true}]}}